{"id":2121,"date":"2023-04-21T14:27:27","date_gmt":"2023-04-21T14:27:27","guid":{"rendered":"https:\/\/www.mamo.ag\/parc-de-vehicules\/"},"modified":"2026-01-27T14:31:09","modified_gmt":"2026-01-27T14:31:09","slug":"parc-de-vehicules","status":"publish","type":"page","link":"https:\/\/www.mamo.ag\/fr\/parc-de-vehicules\/","title":{"rendered":"Parc de v\u00e9hicules"},"content":{"rendered":"\t\t<div data-elementor-type=\"wp-post\" data-elementor-id=\"2121\" class=\"elementor elementor-2121 elementor-631\" data-elementor-post-type=\"page\">\n\t\t\t\t\t\t<section class=\"elementor-section elementor-top-section elementor-element elementor-element-65ae93db elementor-section-height-min-height elementor-section-boxed elementor-section-height-default elementor-section-items-middle\" data-id=\"65ae93db\" data-element_type=\"section\" data-e-type=\"section\">\n\t\t\t\t\t\t\t<div class=\"elementor-background-overlay\"><\/div>\n\t\t\t\t\t\t\t<div class=\"elementor-container elementor-column-gap-default\">\n\t\t\t\t\t<div class=\"elementor-column elementor-col-100 elementor-top-column elementor-element elementor-element-451f18df\" data-id=\"451f18df\" data-element_type=\"column\" data-e-type=\"column\">\n\t\t\t<div class=\"elementor-widget-wrap elementor-element-populated\">\n\t\t\t\t\t\t<div class=\"elementor-element elementor-element-3ed874c0 elementor-widget elementor-widget-heading\" data-id=\"3ed874c0\" data-element_type=\"widget\" data-e-type=\"widget\" data-widget_type=\"heading.default\">\n\t\t\t\t\t<h1 class=\"elementor-heading-title elementor-size-default\">Parc de v\u00e9hicules<\/h1>\t\t\t\t<\/div>\n\t\t\t\t\t<\/div>\n\t\t<\/div>\n\t\t\t\t\t<\/div>\n\t\t<\/section>\n\t\t\t\t<section class=\"elementor-section elementor-top-section elementor-element elementor-element-3c09eccb elementor-section-boxed elementor-section-height-default elementor-section-height-default\" data-id=\"3c09eccb\" data-element_type=\"section\" data-e-type=\"section\">\n\t\t\t\t\t\t\t<div class=\"elementor-background-overlay\"><\/div>\n\t\t\t\t\t\t\t<div class=\"elementor-container elementor-column-gap-default\">\n\t\t\t\t\t<div class=\"elementor-column elementor-col-100 elementor-top-column elementor-element elementor-element-49df4bf6\" data-id=\"49df4bf6\" data-element_type=\"column\" data-e-type=\"column\">\n\t\t\t<div class=\"elementor-widget-wrap elementor-element-populated\">\n\t\t\t\t\t\t<section class=\"elementor-section elementor-inner-section elementor-element elementor-element-74c571d5 elementor-section-boxed elementor-section-height-default elementor-section-height-default\" data-id=\"74c571d5\" data-element_type=\"section\" data-e-type=\"section\">\n\t\t\t\t\t\t<div class=\"elementor-container elementor-column-gap-default\">\n\t\t\t\t\t<div class=\"elementor-column elementor-col-50 elementor-inner-column elementor-element elementor-element-29f77330\" data-id=\"29f77330\" data-element_type=\"column\" data-e-type=\"column\">\n\t\t\t<div class=\"elementor-widget-wrap elementor-element-populated\">\n\t\t\t\t\t\t<div class=\"elementor-element elementor-element-6da929fe elementor-widget elementor-widget-heading\" data-id=\"6da929fe\" data-element_type=\"widget\" data-e-type=\"widget\" data-widget_type=\"heading.default\">\n\t\t\t\t\t<h2 class=\"elementor-heading-title elementor-size-default\">Notre parc de v\u00e9hicules est diversifi\u00e9 et constamment modernis\u00e9.<\/h2>\t\t\t\t<\/div>\n\t\t\t\t<div class=\"elementor-element elementor-element-76994a0 elementor-hidden-mobile elementor-widget-divider--view-line elementor-widget elementor-widget-divider\" data-id=\"76994a0\" data-element_type=\"widget\" data-e-type=\"widget\" data-widget_type=\"divider.default\">\n\t\t\t\t\t\t\t<div class=\"elementor-divider\">\n\t\t\t<span class=\"elementor-divider-separator\">\n\t\t\t\t\t\t<\/span>\n\t\t<\/div>\n\t\t\t\t\t\t<\/div>\n\t\t\t\t<div class=\"elementor-element elementor-element-6aa57d2f elementor-align-start elementor-icon-list--layout-traditional elementor-list-item-link-full_width elementor-widget elementor-widget-icon-list\" data-id=\"6aa57d2f\" data-element_type=\"widget\" data-e-type=\"widget\" data-widget_type=\"icon-list.default\">\n\t\t\t\t\t\t\t<ul class=\"elementor-icon-list-items\">\n\t\t\t\t\t\t\t<li class=\"elementor-icon-list-item\">\n\t\t\t\t\t\t\t\t\t\t\t<span class=\"elementor-icon-list-icon\">\n\t\t\t\t\t\t\t<i aria-hidden=\"true\" class=\"fas fa-check\"><\/i>\t\t\t\t\t\t<\/span>\n\t\t\t\t\t\t\t\t\t\t<span class=\"elementor-icon-list-text\">6 v\u00e9hicules ATB<\/span>\n\t\t\t\t\t\t\t\t\t<\/li>\n\t\t\t\t\t\t\t\t<li class=\"elementor-icon-list-item\">\n\t\t\t\t\t\t\t\t\t\t\t<span class=\"elementor-icon-list-icon\">\n\t\t\t\t\t\t\t<i aria-hidden=\"true\" class=\"fas fa-check\"><\/i>\t\t\t\t\t\t<\/span>\n\t\t\t\t\t\t\t\t\t\t<span class=\"elementor-icon-list-text\">3 v\u00e9hicules d'accompagnement<\/span>\n\t\t\t\t\t\t\t\t\t<\/li>\n\t\t\t\t\t\t\t\t<li class=\"elementor-icon-list-item\">\n\t\t\t\t\t\t\t\t\t\t\t<span class=\"elementor-icon-list-icon\">\n\t\t\t\t\t\t\t<i aria-hidden=\"true\" class=\"fas fa-check\"><\/i>\t\t\t\t\t\t<\/span>\n\t\t\t\t\t\t\t\t\t\t<span class=\"elementor-icon-list-text\">2 motos<\/span>\n\t\t\t\t\t\t\t\t\t<\/li>\n\t\t\t\t\t\t\t\t<li class=\"elementor-icon-list-item\">\n\t\t\t\t\t\t\t\t\t\t\t<span class=\"elementor-icon-list-icon\">\n\t\t\t\t\t\t\t<i aria-hidden=\"true\" class=\"fas fa-check\"><\/i>\t\t\t\t\t\t<\/span>\n\t\t\t\t\t\t\t\t\t\t<span class=\"elementor-icon-list-text\">1 v\u00e9hicule grue &amp; nacelle \u00e9l\u00e9vatrice<\/span>\n\t\t\t\t\t\t\t\t\t<\/li>\n\t\t\t\t\t\t\t\t<li class=\"elementor-icon-list-item\">\n\t\t\t\t\t\t\t\t\t\t\t<span class=\"elementor-icon-list-icon\">\n\t\t\t\t\t\t\t<i aria-hidden=\"true\" class=\"fas fa-check\"><\/i>\t\t\t\t\t\t<\/span>\n\t\t\t\t\t\t\t\t\t\t<span class=\"elementor-icon-list-text\">1 chariot de pont<\/span>\n\t\t\t\t\t\t\t\t\t<\/li>\n\t\t\t\t\t\t<\/ul>\n\t\t\t\t\t\t<\/div>\n\t\t\t\t\t<\/div>\n\t\t<\/div>\n\t\t\t\t<div class=\"elementor-column elementor-col-50 elementor-inner-column elementor-element elementor-element-178f7b9f\" data-id=\"178f7b9f\" data-element_type=\"column\" data-e-type=\"column\">\n\t\t\t<div class=\"elementor-widget-wrap elementor-element-populated\">\n\t\t\t\t\t\t<div class=\"elementor-element elementor-element-22809e62 elementor-widget elementor-widget-text-editor\" data-id=\"22809e62\" data-element_type=\"widget\" data-e-type=\"widget\" data-widget_type=\"text-editor.default\">\n\t\t\t\t\t\t\t\t\t<p>Actuellement, nous disposons de 6 v\u00e9hicules ATB enti\u00e8rement \u00e9quip\u00e9s, de 3 v\u00e9hicules d&rsquo;accompagnement et de 2 motos. Le parc de v\u00e9hicules comprend \u00e9galement un v\u00e9hicule \u00e0 grue et \u00e0 nacelle ainsi qu&rsquo;un camion-pont, qui sont principalement utilis\u00e9s pour le d\u00e9montage et le remontage de la signalisation ou d&rsquo;autres obstacles lors de transports exceptionnels.<\/p><p>Nous nous effor\u00e7ons d&rsquo;avoir une flotte de v\u00e9hicules neutre en CO\u2082 et rempla\u00e7ons v\u00e9hicule apr\u00e8s v\u00e9hicule par des v\u00e9hicules \u00e9lectriques. Nous comptons d\u00e9j\u00e0 2 v\u00e9hicules \u00e9lectriques dans notre flotte.<\/p>\t\t\t\t\t\t\t\t<\/div>\n\t\t\t\t\t<\/div>\n\t\t<\/div>\n\t\t\t\t\t<\/div>\n\t\t<\/section>\n\t\t\t\t\t<\/div>\n\t\t<\/div>\n\t\t\t\t\t<\/div>\n\t\t<\/section>\n\t\t\t\t<section class=\"elementor-section elementor-top-section elementor-element elementor-element-1791cf6 elementor-section-boxed elementor-section-height-default elementor-section-height-default\" data-id=\"1791cf6\" data-element_type=\"section\" data-e-type=\"section\">\n\t\t\t\t\t\t<div class=\"elementor-container elementor-column-gap-default\">\n\t\t\t\t\t<div class=\"elementor-column elementor-col-50 elementor-top-column elementor-element elementor-element-5e1bb0b\" data-id=\"5e1bb0b\" data-element_type=\"column\" data-e-type=\"column\" data-settings=\"{&quot;motion_fx_motion_fx_scrolling&quot;:&quot;yes&quot;,&quot;motion_fx_devices&quot;:[&quot;desktop&quot;,&quot;tablet&quot;,&quot;mobile&quot;]}\">\n\t\t\t<div class=\"elementor-widget-wrap elementor-element-populated\">\n\t\t\t\t\t\t<div class=\"elementor-element elementor-element-f929930 elementor-widget elementor-widget-emage_hover_effects\" data-id=\"f929930\" data-element_type=\"widget\" data-e-type=\"widget\" data-widget_type=\"emage_hover_effects.default\">\n\t\t\t\t<div class=\"elementor-widget-container\">\n\t\t\t\t\t\r\n\t\t\t<div class=\"imghvr-wrapper\">\r\n\t\t\t\t<div class=\"imghvr\">\r\n\t\t\t\t\t\t\t\t\t\t<div class=\"imghvr-overlay imghvr-anim-fade-in imghvr-anim-single\">\r\n\t\t\t\t\t\t<div><\/div>\r\n\t\t\t\t\t<\/div>\r\n\t\t\t\t\t\t\t\t\t\t<div class=\"imghvr-content-wrapper imghvr-content-left imghvr-anim-fade-in\">\r\n\t\t\t\t\t\t\t\t\t\t\t\t\r\n\t\t\t\t<div class=\"imghvr-title ih-delay-zero imghvr-anim-none\">Tesla mod\u00e8le Y<\/div>\r\n\r\n\t\t\t\t\r\n\t\t\t\t<div class=\"imghvr-content ih-delay-xs imghvr-anim-none\">Notre produit phare pour l'accompagnement de transport neutre en CO2 (ATB) et le premier v\u00e9hicule d'accompagnement enti\u00e8rement \u00e9lectrique au monde. Utilis\u00e9 \u00e0 partir du site d'Aarau pour l'accompagnement de transports sur le Plateau suisse, il dispose de toutes les aides \u00e9lectroniques typiques de Tesla et de la climatisation \u00e0 l'arr\u00eat, en plus de la transmission int\u00e9grale.\n<\/br>\n<\/br>\n\u00c9quip\u00e9 d'un panneau LED double face, d'un altim\u00e8tre, d'une radio CB et d'une radio d'entreprise. Outre le mat\u00e9riel de s\u00e9curisation du trafic, divers outils et instruments de mesure sont emport\u00e9s.\n<\/div>\r\n\r\n\t\t\t\t\t\t\t\t\t\t\t\t\t\t\t<\/div>\r\n\t\t\t\t\t<img fetchpriority=\"high\" decoding=\"async\" width=\"1920\" height=\"1280\" src=\"https:\/\/www.mamo.ag\/wp-content\/uploads\/2023\/08\/Fuhrpark-Tesly-Y-scaled.webp\" class=\"imghvr-anim-none imghvr-anim-zoom-in attachment-full size-full wp-image-3114\" alt=\"Ein wei\u00dfer Tesla Y f\u00fcr Veranstaltungsverkehrsdienst mit einem Warnsignal auf dem Dach.\" srcset=\"https:\/\/www.mamo.ag\/wp-content\/uploads\/2023\/08\/Fuhrpark-Tesly-Y-scaled.webp 1920w, https:\/\/www.mamo.ag\/wp-content\/uploads\/2023\/08\/Fuhrpark-Tesly-Y-300x200.jpg 300w, https:\/\/www.mamo.ag\/wp-content\/uploads\/2023\/08\/Fuhrpark-Tesly-Y-1024x683.webp 1024w, https:\/\/www.mamo.ag\/wp-content\/uploads\/2023\/08\/Fuhrpark-Tesly-Y-768x512.jpg 768w, https:\/\/www.mamo.ag\/wp-content\/uploads\/2023\/08\/Fuhrpark-Tesly-Y-1536x1024.webp 1536w\" sizes=\"(max-width: 1920px) 100vw, 1920px\" \/>\t\t\t\t<\/div>\r\n\t\t\t<\/div>\r\n\r\n\t\t\t\t\t\t\t<\/div>\n\t\t\t\t<\/div>\n\t\t\t\t\t<\/div>\n\t\t<\/div>\n\t\t\t\t<div class=\"elementor-column elementor-col-50 elementor-top-column elementor-element elementor-element-e45448c\" data-id=\"e45448c\" data-element_type=\"column\" data-e-type=\"column\" data-settings=\"{&quot;motion_fx_motion_fx_scrolling&quot;:&quot;yes&quot;,&quot;motion_fx_devices&quot;:[&quot;desktop&quot;,&quot;tablet&quot;,&quot;mobile&quot;]}\">\n\t\t\t<div class=\"elementor-widget-wrap elementor-element-populated\">\n\t\t\t\t\t\t<div class=\"elementor-element elementor-element-292d4f9 elementor-widget elementor-widget-emage_hover_effects\" data-id=\"292d4f9\" data-element_type=\"widget\" data-e-type=\"widget\" data-widget_type=\"emage_hover_effects.default\">\n\t\t\t\t<div class=\"elementor-widget-container\">\n\t\t\t\t\t\r\n\t\t\t<div class=\"imghvr-wrapper\">\r\n\t\t\t\t<div class=\"imghvr\">\r\n\t\t\t\t\t\t\t\t\t\t<div class=\"imghvr-overlay imghvr-anim-fade-in imghvr-anim-single\">\r\n\t\t\t\t\t\t<div><\/div>\r\n\t\t\t\t\t<\/div>\r\n\t\t\t\t\t\t\t\t\t\t<div class=\"imghvr-content-wrapper imghvr-content-left imghvr-anim-fade-in\">\r\n\t\t\t\t\t\t\t\t\t\t\t\t\r\n\t\t\t\t<div class=\"imghvr-title ih-delay-zero imghvr-anim-none\">Ford Touneo<\/div>\r\n\r\n\t\t\t\t\r\n\t\t\t\t<div class=\"imghvr-content ih-delay-xs imghvr-anim-none\">Ce petit miracle d'encombrement et de maniabilit\u00e9 est utilis\u00e9 pour les escortes de transport (ATB) sur le site de Suisse orientale.\n\nIl dispose de toutes les fonctions de s\u00e9curit\u00e9 modernes telles que le r\u00e9gulateur de distance, l'alerte de franchissement involontaire de ligne, la dashcam, et est \u00e9quip\u00e9 d'un panneau \u00e0 LED double face, d'un altim\u00e8tre et de radios CB et professionnelles. Outre le mat\u00e9riel de s\u00e9curisation du trafic, divers outils et instruments de mesure sont emport\u00e9s.<\/div>\r\n\r\n\t\t\t\t\t\t\t\t\t\t\t\t\t\t\t<\/div>\r\n\t\t\t\t\t<img decoding=\"async\" width=\"2560\" height=\"1707\" src=\"https:\/\/www.mamo.ag\/wp-content\/uploads\/2023\/08\/Fuhrpark-Ford-Tourneo-scaled.jpg\" class=\"imghvr-anim-none imghvr-anim-zoom-in attachment-full size-full wp-image-3105\" alt=\"Ein wei\u00dfer Ford Tourneo mit roten und wei\u00dfen Streifen f\u00fcr Polizeieskorte.\" srcset=\"https:\/\/www.mamo.ag\/wp-content\/uploads\/2023\/08\/Fuhrpark-Ford-Tourneo-scaled.jpg 2560w, https:\/\/www.mamo.ag\/wp-content\/uploads\/2023\/08\/Fuhrpark-Ford-Tourneo-300x200.jpg 300w, https:\/\/www.mamo.ag\/wp-content\/uploads\/2023\/08\/Fuhrpark-Ford-Tourneo-1024x683.jpg 1024w, https:\/\/www.mamo.ag\/wp-content\/uploads\/2023\/08\/Fuhrpark-Ford-Tourneo-768x512.jpg 768w, https:\/\/www.mamo.ag\/wp-content\/uploads\/2023\/08\/Fuhrpark-Ford-Tourneo-1536x1024.jpg 1536w, https:\/\/www.mamo.ag\/wp-content\/uploads\/2023\/08\/Fuhrpark-Ford-Tourneo-2048x1365.jpg 2048w\" sizes=\"(max-width: 2560px) 100vw, 2560px\" \/>\t\t\t\t<\/div>\r\n\t\t\t<\/div>\r\n\r\n\t\t\t\t\t\t\t<\/div>\n\t\t\t\t<\/div>\n\t\t\t\t\t<\/div>\n\t\t<\/div>\n\t\t\t\t\t<\/div>\n\t\t<\/section>\n\t\t\t\t<section class=\"elementor-section elementor-top-section elementor-element elementor-element-02ffd5f elementor-section-boxed elementor-section-height-default elementor-section-height-default\" data-id=\"02ffd5f\" data-element_type=\"section\" data-e-type=\"section\">\n\t\t\t\t\t\t<div class=\"elementor-container elementor-column-gap-default\">\n\t\t\t\t\t<div class=\"elementor-column elementor-col-50 elementor-top-column elementor-element elementor-element-fd54d58\" data-id=\"fd54d58\" data-element_type=\"column\" data-e-type=\"column\" data-settings=\"{&quot;motion_fx_motion_fx_scrolling&quot;:&quot;yes&quot;,&quot;motion_fx_devices&quot;:[&quot;desktop&quot;,&quot;tablet&quot;,&quot;mobile&quot;]}\">\n\t\t\t<div class=\"elementor-widget-wrap elementor-element-populated\">\n\t\t\t\t\t\t<div class=\"elementor-element elementor-element-a0d54ab elementor-widget elementor-widget-emage_hover_effects\" data-id=\"a0d54ab\" data-element_type=\"widget\" data-e-type=\"widget\" data-widget_type=\"emage_hover_effects.default\">\n\t\t\t\t<div class=\"elementor-widget-container\">\n\t\t\t\t\t\r\n\t\t\t<div class=\"imghvr-wrapper\">\r\n\t\t\t\t<div class=\"imghvr\">\r\n\t\t\t\t\t\t\t\t\t\t<div class=\"imghvr-overlay imghvr-anim-fade-in imghvr-anim-single\">\r\n\t\t\t\t\t\t<div><\/div>\r\n\t\t\t\t\t<\/div>\r\n\t\t\t\t\t\t\t\t\t\t<div class=\"imghvr-content-wrapper imghvr-content-left imghvr-anim-fade-in\">\r\n\t\t\t\t\t\t\t\t\t\t\t\t\r\n\t\t\t\t<div class=\"imghvr-title ih-delay-zero imghvr-anim-none\">Renault Trafic<\/div>\r\n\r\n\t\t\t\t\r\n\t\t\t\t<div class=\"imghvr-content ih-delay-xs imghvr-anim-none\">Ce v\u00e9hicule dispose de 9 places assises et est donc utilis\u00e9, en plus de l'accompagnement de transport (ATB), pour des missions de service de transport plus importantes.  \n\n\u00c9quip\u00e9 d'un panneau \u00e0 LED double face, d'instruments de mesure, de radios CB et professionnelles. Outre le mat\u00e9riel de protection du trafic, l'\u00e9quipe emporte \u00e9galement un grand nombre d'outils pour le d\u00e9montage et la r\u00e9paration. Mat\u00e9riel d'identification de la cargaison.<\/div>\r\n\r\n\t\t\t\t\t\t\t\t\t\t\t\t\t\t\t<\/div>\r\n\t\t\t\t\t<img decoding=\"async\" width=\"2560\" height=\"1707\" src=\"https:\/\/www.mamo.ag\/wp-content\/uploads\/2023\/08\/Fuhrpark-Renault-Trafic-scaled.jpg\" class=\"imghvr-anim-none imghvr-anim-zoom-in attachment-full size-full wp-image-3108\" alt=\"Ein wei\u00dfer Renault Trafic mit roten und wei\u00dfen Streifen und Dachleuchten.\" srcset=\"https:\/\/www.mamo.ag\/wp-content\/uploads\/2023\/08\/Fuhrpark-Renault-Trafic-scaled.jpg 2560w, https:\/\/www.mamo.ag\/wp-content\/uploads\/2023\/08\/Fuhrpark-Renault-Trafic-300x200.jpg 300w, https:\/\/www.mamo.ag\/wp-content\/uploads\/2023\/08\/Fuhrpark-Renault-Trafic-1024x683.jpg 1024w, https:\/\/www.mamo.ag\/wp-content\/uploads\/2023\/08\/Fuhrpark-Renault-Trafic-768x512.jpg 768w, https:\/\/www.mamo.ag\/wp-content\/uploads\/2023\/08\/Fuhrpark-Renault-Trafic-1536x1024.jpg 1536w, https:\/\/www.mamo.ag\/wp-content\/uploads\/2023\/08\/Fuhrpark-Renault-Trafic-2048x1365.jpg 2048w\" sizes=\"(max-width: 2560px) 100vw, 2560px\" \/>\t\t\t\t<\/div>\r\n\t\t\t<\/div>\r\n\r\n\t\t\t\t\t\t\t<\/div>\n\t\t\t\t<\/div>\n\t\t\t\t\t<\/div>\n\t\t<\/div>\n\t\t\t\t<div class=\"elementor-column elementor-col-50 elementor-top-column elementor-element elementor-element-de8b1f0\" data-id=\"de8b1f0\" data-element_type=\"column\" data-e-type=\"column\" data-settings=\"{&quot;motion_fx_motion_fx_scrolling&quot;:&quot;yes&quot;,&quot;motion_fx_devices&quot;:[&quot;desktop&quot;,&quot;tablet&quot;,&quot;mobile&quot;]}\">\n\t\t\t<div class=\"elementor-widget-wrap elementor-element-populated\">\n\t\t\t\t\t\t<div class=\"elementor-element elementor-element-23cde56 elementor-widget elementor-widget-emage_hover_effects\" data-id=\"23cde56\" data-element_type=\"widget\" data-e-type=\"widget\" data-widget_type=\"emage_hover_effects.default\">\n\t\t\t\t<div class=\"elementor-widget-container\">\n\t\t\t\t\t\r\n\t\t\t<div class=\"imghvr-wrapper\">\r\n\t\t\t\t<div class=\"imghvr\">\r\n\t\t\t\t\t\t\t\t\t\t<div class=\"imghvr-overlay imghvr-anim-fade-in imghvr-anim-single\">\r\n\t\t\t\t\t\t<div><\/div>\r\n\t\t\t\t\t<\/div>\r\n\t\t\t\t\t\t\t\t\t\t<div class=\"imghvr-content-wrapper imghvr-content-left imghvr-anim-fade-in\">\r\n\t\t\t\t\t\t\t\t\t\t\t\t\r\n\t\t\t\t<div class=\"imghvr-title ih-delay-zero imghvr-anim-none\">Mercedes Vito<\/div>\r\n\r\n\t\t\t\t\r\n\t\t\t\t<div class=\"imghvr-content ih-delay-xs imghvr-anim-none\">Ce 4x4 \u00e9l\u00e9gant, dot\u00e9 d'un moteur puissant et d'un chauffage autonome, peut tracter une remorque de 3 tonnes et dispose de 5 places assises et d'un lit.\n\nIl est principalement utilis\u00e9 pour les longues distances ou les transports sur le Gothard (ATB) et dispose \u00e9galement de toutes les fonctions de s\u00e9curit\u00e9 modernes telles que le r\u00e9gulateur de distance, l'assistant de maintien dans la voie, la dashcam arri\u00e8re\/avant, ainsi que le panneau LED double face, l'altim\u00e8tre, les instruments de mesure, la radio CB et la radio de service, l'\u00e9clairage ambiant \u00e0 360\u00b0. \n\nEn plus du mat\u00e9riel de s\u00e9curit\u00e9 routi\u00e8re, le v\u00e9hicule est \u00e9quip\u00e9 des outils n\u00e9cessaires pour le d\u00e9montage.<\/div>\r\n\r\n\t\t\t\t\t\t\t\t\t\t\t\t\t\t\t<\/div>\r\n\t\t\t\t\t<img loading=\"lazy\" decoding=\"async\" width=\"1920\" height=\"1280\" src=\"https:\/\/www.mamo.ag\/wp-content\/uploads\/2023\/08\/Fuhrpark-VITO_20220408-46-scaled.webp\" class=\"imghvr-anim-none imghvr-anim-zoom-in attachment-full size-full wp-image-3117\" alt=\"Ein wei\u00dfer Mercedes Vito mit roten und wei\u00dfen Streifen, und einem Warnsignal auf dem Dach.\" srcset=\"https:\/\/www.mamo.ag\/wp-content\/uploads\/2023\/08\/Fuhrpark-VITO_20220408-46-scaled.webp 1920w, https:\/\/www.mamo.ag\/wp-content\/uploads\/2023\/08\/Fuhrpark-VITO_20220408-46-300x200.jpg 300w, https:\/\/www.mamo.ag\/wp-content\/uploads\/2023\/08\/Fuhrpark-VITO_20220408-46-1024x683.webp 1024w, https:\/\/www.mamo.ag\/wp-content\/uploads\/2023\/08\/Fuhrpark-VITO_20220408-46-768x512.jpg 768w, https:\/\/www.mamo.ag\/wp-content\/uploads\/2023\/08\/Fuhrpark-VITO_20220408-46-1536x1024.webp 1536w\" sizes=\"(max-width: 1920px) 100vw, 1920px\" \/>\t\t\t\t<\/div>\r\n\t\t\t<\/div>\r\n\r\n\t\t\t\t\t\t\t<\/div>\n\t\t\t\t<\/div>\n\t\t\t\t\t<\/div>\n\t\t<\/div>\n\t\t\t\t\t<\/div>\n\t\t<\/section>\n\t\t\t\t<section class=\"elementor-section elementor-top-section elementor-element elementor-element-7fa745a elementor-section-boxed elementor-section-height-default elementor-section-height-default\" data-id=\"7fa745a\" data-element_type=\"section\" data-e-type=\"section\">\n\t\t\t\t\t\t<div class=\"elementor-container elementor-column-gap-default\">\n\t\t\t\t\t<div class=\"elementor-column elementor-col-50 elementor-top-column elementor-element elementor-element-17d31b7\" data-id=\"17d31b7\" data-element_type=\"column\" data-e-type=\"column\" data-settings=\"{&quot;motion_fx_motion_fx_scrolling&quot;:&quot;yes&quot;,&quot;motion_fx_devices&quot;:[&quot;desktop&quot;,&quot;tablet&quot;,&quot;mobile&quot;]}\">\n\t\t\t<div class=\"elementor-widget-wrap elementor-element-populated\">\n\t\t\t\t\t\t<div class=\"elementor-element elementor-element-9a54a5e elementor-widget elementor-widget-emage_hover_effects\" data-id=\"9a54a5e\" data-element_type=\"widget\" data-e-type=\"widget\" data-widget_type=\"emage_hover_effects.default\">\n\t\t\t\t<div class=\"elementor-widget-container\">\n\t\t\t\t\t\r\n\t\t\t<div class=\"imghvr-wrapper\">\r\n\t\t\t\t<div class=\"imghvr\">\r\n\t\t\t\t\t\t\t\t\t\t<div class=\"imghvr-overlay imghvr-anim-fade-in imghvr-anim-single\">\r\n\t\t\t\t\t\t<div><\/div>\r\n\t\t\t\t\t<\/div>\r\n\t\t\t\t\t\t\t\t\t\t<div class=\"imghvr-content-wrapper imghvr-content-left imghvr-anim-fade-in\">\r\n\t\t\t\t\t\t\t\t\t\t\t\t\r\n\t\t\t\t<div class=\"imghvr-title ih-delay-zero imghvr-anim-none\">VW Crafter<\/div>\r\n\r\n\t\t\t\t\r\n\t\t\t\t<div class=\"imghvr-content ih-delay-xs imghvr-anim-none\">Notre v\u00e9hicule pour les gros travaux et les grandes occasions. Le v\u00e9hicule ATB dispose, en plus de 7 places assises, d'une grue avec une charge de levage de max. 1,4t et une hauteur de levage maximale de 4,80m.  \n\nSelon la mission, le chargement est \u00e9quip\u00e9 de diff\u00e9rents modules, que ce soit pour des mesures VLM dans le cadre d'un transport avec du bois et des voies de circulation mobiles, ou pour des \u00e9v\u00e9nements avec beaucoup de mat\u00e9riel de barrage et de s\u00e9curisation.  \n\n\u00c9quip\u00e9 d'un panneau \u00e0 LED double face, d'un altim\u00e8tre, d'instruments de mesure et de radios CB et professionnelles.<\/div>\r\n\r\n\t\t\t\t\t\t\t\t\t\t\t\t\t\t\t<\/div>\r\n\t\t\t\t\t<img loading=\"lazy\" decoding=\"async\" width=\"1920\" height=\"1280\" src=\"https:\/\/www.mamo.ag\/wp-content\/uploads\/2023\/08\/Fuhrpark-VW-Crafter-scaled.webp\" class=\"imghvr-anim-none imghvr-anim-zoom-in attachment-full size-full wp-image-3120\" alt=\"Ein wei\u00dfer VW Crafter mit roten und wei\u00dfen Streifen, der auf der Stra\u00dfe geparkt ist.\" srcset=\"https:\/\/www.mamo.ag\/wp-content\/uploads\/2023\/08\/Fuhrpark-VW-Crafter-scaled.webp 1920w, https:\/\/www.mamo.ag\/wp-content\/uploads\/2023\/08\/Fuhrpark-VW-Crafter-300x200.jpg 300w, https:\/\/www.mamo.ag\/wp-content\/uploads\/2023\/08\/Fuhrpark-VW-Crafter-1024x683.webp 1024w, https:\/\/www.mamo.ag\/wp-content\/uploads\/2023\/08\/Fuhrpark-VW-Crafter-768x512.jpg 768w, https:\/\/www.mamo.ag\/wp-content\/uploads\/2023\/08\/Fuhrpark-VW-Crafter-1536x1024.webp 1536w\" sizes=\"(max-width: 1920px) 100vw, 1920px\" \/>\t\t\t\t<\/div>\r\n\t\t\t<\/div>\r\n\r\n\t\t\t\t\t\t\t<\/div>\n\t\t\t\t<\/div>\n\t\t\t\t\t<\/div>\n\t\t<\/div>\n\t\t\t\t<div class=\"elementor-column elementor-col-50 elementor-top-column elementor-element elementor-element-42ef599\" data-id=\"42ef599\" data-element_type=\"column\" data-e-type=\"column\" data-settings=\"{&quot;motion_fx_motion_fx_scrolling&quot;:&quot;yes&quot;,&quot;motion_fx_devices&quot;:[&quot;desktop&quot;,&quot;tablet&quot;,&quot;mobile&quot;]}\">\n\t\t\t<div class=\"elementor-widget-wrap elementor-element-populated\">\n\t\t\t\t\t\t<div class=\"elementor-element elementor-element-d720981 elementor-widget elementor-widget-emage_hover_effects\" data-id=\"d720981\" data-element_type=\"widget\" data-e-type=\"widget\" data-widget_type=\"emage_hover_effects.default\">\n\t\t\t\t<div class=\"elementor-widget-container\">\n\t\t\t\t\t\r\n\t\t\t<div class=\"imghvr-wrapper\">\r\n\t\t\t\t<div class=\"imghvr\">\r\n\t\t\t\t\t\t\t\t\t\t<div class=\"imghvr-overlay imghvr-anim-fade-in imghvr-anim-single\">\r\n\t\t\t\t\t\t<div><\/div>\r\n\t\t\t\t\t<\/div>\r\n\t\t\t\t\t\t\t\t\t\t<div class=\"imghvr-content-wrapper imghvr-content-left imghvr-anim-fade-in\">\r\n\t\t\t\t\t\t\t\t\t\t\t\t\r\n\t\t\t\t<div class=\"imghvr-title ih-delay-zero imghvr-anim-none\">Fiat Hobby (WoMo)<\/div>\r\n\r\n\t\t\t\t\r\n\t\t\t\t<div class=\"imghvr-content ih-delay-xs imghvr-anim-none\">Notre camping-car avec WC\/douche, cuisine, chauffage pour le confort de travail que d'autres n'ont qu'en vacances. C'est pourquoi il est utilis\u00e9 pour les escortes de transport lointaines\/plusieurs jours (ATB).  \n\nLa zone de s\u00e9jour est en outre am\u00e9nag\u00e9e de mani\u00e8re \u00e0 servir de poste de commandement mobile lors de grands \u00e9v\u00e9nements. Il dispose d'une grande installation solaire, de plusieurs batteries de stockage, d'un onduleur de 3000W, d'une connexion Internet haut d\u00e9bit ind\u00e9pendante et de stores solaires avec \u00e9clairage p\u00e9riph\u00e9rique.  \n\nIl est \u00e9galement \u00e9quip\u00e9 d'un panneau LED, d'un altim\u00e8tre, d'une radio CB et de mat\u00e9riel de s\u00e9curit\u00e9 routi\u00e8re.<\/div>\r\n\r\n\t\t\t\t\t\t\t\t\t\t\t\t\t\t\t<\/div>\r\n\t\t\t\t\t<img loading=\"lazy\" decoding=\"async\" width=\"2560\" height=\"1707\" src=\"https:\/\/www.mamo.ag\/wp-content\/uploads\/2023\/08\/Fuhrpark-Fiat-Hobby-scaled.jpg\" class=\"imghvr-anim-none imghvr-anim-zoom-in attachment-full size-full wp-image-3102\" alt=\"Ein wei\u00dfer Fiat Hobby mit roten und wei\u00dfen Streifen.\" srcset=\"https:\/\/www.mamo.ag\/wp-content\/uploads\/2023\/08\/Fuhrpark-Fiat-Hobby-scaled.jpg 2560w, https:\/\/www.mamo.ag\/wp-content\/uploads\/2023\/08\/Fuhrpark-Fiat-Hobby-300x200.jpg 300w, https:\/\/www.mamo.ag\/wp-content\/uploads\/2023\/08\/Fuhrpark-Fiat-Hobby-1024x683.jpg 1024w, https:\/\/www.mamo.ag\/wp-content\/uploads\/2023\/08\/Fuhrpark-Fiat-Hobby-768x512.jpg 768w, https:\/\/www.mamo.ag\/wp-content\/uploads\/2023\/08\/Fuhrpark-Fiat-Hobby-1536x1024.jpg 1536w, https:\/\/www.mamo.ag\/wp-content\/uploads\/2023\/08\/Fuhrpark-Fiat-Hobby-2048x1365.jpg 2048w\" sizes=\"(max-width: 2560px) 100vw, 2560px\" \/>\t\t\t\t<\/div>\r\n\t\t\t<\/div>\r\n\r\n\t\t\t\t\t\t\t<\/div>\n\t\t\t\t<\/div>\n\t\t\t\t\t<\/div>\n\t\t<\/div>\n\t\t\t\t\t<\/div>\n\t\t<\/section>\n\t\t\t\t<section class=\"elementor-section elementor-top-section elementor-element elementor-element-771e94c elementor-section-boxed elementor-section-height-default elementor-section-height-default\" data-id=\"771e94c\" data-element_type=\"section\" data-e-type=\"section\">\n\t\t\t\t\t\t<div class=\"elementor-container elementor-column-gap-default\">\n\t\t\t\t\t<div class=\"elementor-column elementor-col-50 elementor-top-column elementor-element elementor-element-f5cc7b5\" data-id=\"f5cc7b5\" data-element_type=\"column\" data-e-type=\"column\" data-settings=\"{&quot;motion_fx_motion_fx_scrolling&quot;:&quot;yes&quot;,&quot;motion_fx_devices&quot;:[&quot;desktop&quot;,&quot;tablet&quot;,&quot;mobile&quot;]}\">\n\t\t\t<div class=\"elementor-widget-wrap elementor-element-populated\">\n\t\t\t\t\t\t<div class=\"elementor-element elementor-element-54862fa elementor-widget elementor-widget-emage_hover_effects\" data-id=\"54862fa\" data-element_type=\"widget\" data-e-type=\"widget\" data-widget_type=\"emage_hover_effects.default\">\n\t\t\t\t<div class=\"elementor-widget-container\">\n\t\t\t\t\t\r\n\t\t\t<div class=\"imghvr-wrapper\">\r\n\t\t\t\t<div class=\"imghvr\">\r\n\t\t\t\t\t\t\t\t\t\t<div class=\"imghvr-overlay imghvr-anim-fade-in imghvr-anim-single\">\r\n\t\t\t\t\t\t<div><\/div>\r\n\t\t\t\t\t<\/div>\r\n\t\t\t\t\t\t\t\t\t\t<div class=\"imghvr-content-wrapper imghvr-content-left imghvr-anim-fade-in\">\r\n\t\t\t\t\t\t\t\t\t\t\t\t\r\n\t\t\t\t<div class=\"imghvr-title ih-delay-zero imghvr-anim-none\">Skoda Octavia<\/div>\r\n\r\n\t\t\t\t\r\n\t\t\t\t<div class=\"imghvr-content ih-delay-xs imghvr-anim-none\">L'Oktavia est un v\u00e9ritable v\u00e9hicule polyvalent en tant que v\u00e9hicule d'intervention avec 5 places assises, des barres de signalisation \u00e0 LED avec affichage matriciel \u00e0 LED \u00e0 l'avant et \u00e0 l'arri\u00e8re, et un grand coffre pour le mat\u00e9riel de s\u00e9curit\u00e9 routi\u00e8re.  \n\nOutre le service de transport, il est souvent utilis\u00e9 pour l'auto-accompagnement.<\/div>\r\n\r\n\t\t\t\t\t\t\t\t\t\t\t\t\t\t\t<\/div>\r\n\t\t\t\t\t<img loading=\"lazy\" decoding=\"async\" width=\"1920\" height=\"1280\" src=\"https:\/\/www.mamo.ag\/wp-content\/uploads\/2023\/08\/Fuhrpark-Skoda-Octavia-scaled.webp\" class=\"imghvr-anim-none imghvr-anim-zoom-in attachment-full size-full wp-image-3111\" alt=\"Ein wei\u00dfer Skoda Octavia mit roten und wei\u00dfen Streifen und Dachleuchten.\" srcset=\"https:\/\/www.mamo.ag\/wp-content\/uploads\/2023\/08\/Fuhrpark-Skoda-Octavia-scaled.webp 1920w, https:\/\/www.mamo.ag\/wp-content\/uploads\/2023\/08\/Fuhrpark-Skoda-Octavia-300x200.jpg 300w, https:\/\/www.mamo.ag\/wp-content\/uploads\/2023\/08\/Fuhrpark-Skoda-Octavia-1024x683.webp 1024w, https:\/\/www.mamo.ag\/wp-content\/uploads\/2023\/08\/Fuhrpark-Skoda-Octavia-768x512.jpg 768w, https:\/\/www.mamo.ag\/wp-content\/uploads\/2023\/08\/Fuhrpark-Skoda-Octavia-1536x1024.webp 1536w\" sizes=\"(max-width: 1920px) 100vw, 1920px\" \/>\t\t\t\t<\/div>\r\n\t\t\t<\/div>\r\n\r\n\t\t\t\t\t\t\t<\/div>\n\t\t\t\t<\/div>\n\t\t\t\t\t<\/div>\n\t\t<\/div>\n\t\t\t\t<div class=\"elementor-column elementor-col-50 elementor-top-column elementor-element elementor-element-9a36898\" data-id=\"9a36898\" data-element_type=\"column\" data-e-type=\"column\" data-settings=\"{&quot;motion_fx_motion_fx_scrolling&quot;:&quot;yes&quot;,&quot;motion_fx_devices&quot;:[&quot;desktop&quot;,&quot;tablet&quot;,&quot;mobile&quot;]}\">\n\t\t\t<div class=\"elementor-widget-wrap elementor-element-populated\">\n\t\t\t\t\t\t<div class=\"elementor-element elementor-element-91818d6 elementor-widget elementor-widget-emage_hover_effects\" data-id=\"91818d6\" data-element_type=\"widget\" data-e-type=\"widget\" data-widget_type=\"emage_hover_effects.default\">\n\t\t\t\t<div class=\"elementor-widget-container\">\n\t\t\t\t\t\r\n\t\t\t<div class=\"imghvr-wrapper\">\r\n\t\t\t\t<div class=\"imghvr\">\r\n\t\t\t\t\t\t\t\t\t\t<div class=\"imghvr-overlay imghvr-anim-fade-in imghvr-anim-single\">\r\n\t\t\t\t\t\t<div><\/div>\r\n\t\t\t\t\t<\/div>\r\n\t\t\t\t\t\t\t\t\t\t<div class=\"imghvr-content-wrapper imghvr-content-left imghvr-anim-fade-in\">\r\n\t\t\t\t\t\t\t\t\t\t\t\t\r\n\t\t\t\t<div class=\"imghvr-title ih-delay-zero imghvr-anim-none\">Toyota Aygo<\/div>\r\n\r\n\t\t\t\t\r\n\t\t\t\t<div class=\"imghvr-content ih-delay-xs imghvr-anim-none\">Ces petits bolides effront\u00e9s sont parfaits pour une utilisation urbaine. Affect\u00e9 chez nous en tant que 3 places au service de la circulation, et \u00e9quip\u00e9 pour cette t\u00e2che de tout le mat\u00e9riel n\u00e9cessaire au service de la circulation.\n\nIl est toujours surprenant de voir tout ce qu'un si petit v\u00e9hicule peut contenir : Signaux pliants, feux \u00e0 \u00e9clats, c\u00f4nes de mol\u00e8ne, ruban de barrage, feux d'avertissement \u00e0 accumulateur, absorbants d'huile, balais de rue, radios portatives, panneaux de signalisation y compris. Support et bien plus encore.<\/div>\r\n\r\n\t\t\t\t\t\t\t\t\t\t\t\t\t\t\t<\/div>\r\n\t\t\t\t\t<img loading=\"lazy\" decoding=\"async\" width=\"2560\" height=\"1707\" src=\"https:\/\/www.mamo.ag\/wp-content\/uploads\/2023\/08\/Fuhrpark-Aygo-scaled.jpg\" class=\"imghvr-anim-none imghvr-anim-zoom-in attachment-full size-full wp-image-3093\" alt=\"Ein wei\u00dfer Toyota Aygo mit roten und wei\u00dfen Streifen und Dachleuchte.\" srcset=\"https:\/\/www.mamo.ag\/wp-content\/uploads\/2023\/08\/Fuhrpark-Aygo-scaled.jpg 2560w, https:\/\/www.mamo.ag\/wp-content\/uploads\/2023\/08\/Fuhrpark-Aygo-300x200.jpg 300w, https:\/\/www.mamo.ag\/wp-content\/uploads\/2023\/08\/Fuhrpark-Aygo-1024x683.jpg 1024w, https:\/\/www.mamo.ag\/wp-content\/uploads\/2023\/08\/Fuhrpark-Aygo-768x512.jpg 768w, https:\/\/www.mamo.ag\/wp-content\/uploads\/2023\/08\/Fuhrpark-Aygo-1536x1024.jpg 1536w, https:\/\/www.mamo.ag\/wp-content\/uploads\/2023\/08\/Fuhrpark-Aygo-2048x1365.jpg 2048w\" sizes=\"(max-width: 2560px) 100vw, 2560px\" \/>\t\t\t\t<\/div>\r\n\t\t\t<\/div>\r\n\r\n\t\t\t\t\t\t\t<\/div>\n\t\t\t\t<\/div>\n\t\t\t\t\t<\/div>\n\t\t<\/div>\n\t\t\t\t\t<\/div>\n\t\t<\/section>\n\t\t\t\t<section class=\"elementor-section elementor-top-section elementor-element elementor-element-b3ce2c4 elementor-section-boxed elementor-section-height-default elementor-section-height-default\" data-id=\"b3ce2c4\" data-element_type=\"section\" data-e-type=\"section\">\n\t\t\t\t\t\t<div class=\"elementor-container elementor-column-gap-default\">\n\t\t\t\t\t<div class=\"elementor-column elementor-col-50 elementor-top-column elementor-element elementor-element-ff58040\" data-id=\"ff58040\" data-element_type=\"column\" data-e-type=\"column\" data-settings=\"{&quot;motion_fx_motion_fx_scrolling&quot;:&quot;yes&quot;,&quot;motion_fx_devices&quot;:[&quot;desktop&quot;,&quot;tablet&quot;,&quot;mobile&quot;]}\">\n\t\t\t<div class=\"elementor-widget-wrap elementor-element-populated\">\n\t\t\t\t\t\t<div class=\"elementor-element elementor-element-2c805f2 elementor-widget elementor-widget-emage_hover_effects\" data-id=\"2c805f2\" data-element_type=\"widget\" data-e-type=\"widget\" data-widget_type=\"emage_hover_effects.default\">\n\t\t\t\t<div class=\"elementor-widget-container\">\n\t\t\t\t\t\r\n\t\t\t<div class=\"imghvr-wrapper\">\r\n\t\t\t\t<div class=\"imghvr\">\r\n\t\t\t\t\t\t\t\t\t\t<div class=\"imghvr-overlay imghvr-anim-fade-in imghvr-anim-single\">\r\n\t\t\t\t\t\t<div><\/div>\r\n\t\t\t\t\t<\/div>\r\n\t\t\t\t\t\t\t\t\t\t<div class=\"imghvr-content-wrapper imghvr-content-left imghvr-anim-fade-in\">\r\n\t\t\t\t\t\t\t\t\t\t\t\t\r\n\t\t\t\t<div class=\"imghvr-title ih-delay-zero imghvr-anim-none\">Dacia Jogger<\/div>\r\n\r\n\t\t\t\t\r\n\t\t\t\t<div class=\"imghvr-content ih-delay-xs imghvr-anim-none\">Le break a un volume de chargement vraiment important et est adapt\u00e9 aux garages profonds gr\u00e2ce \u00e0 sa barre de LED basse. Avec 5 places assises et un grand coffre, il est utilis\u00e9 pour tous les types de services de transport. Il dispose d'une large gamme de mat\u00e9riaux et d'un espace de chargement suppl\u00e9mentaire pour transporter d'autres mat\u00e9riaux.<\/div>\r\n\r\n\t\t\t\t\t\t\t\t\t\t\t\t\t\t\t<\/div>\r\n\t\t\t\t\t<img loading=\"lazy\" decoding=\"async\" width=\"807\" height=\"660\" src=\"https:\/\/www.mamo.ag\/wp-content\/uploads\/2023\/08\/Fuhrpark-Dacia-Jogger-Vorne-seitlich.png\" class=\"imghvr-anim-none imghvr-anim-zoom-in attachment-full size-full wp-image-3096\" alt=\"Ein wei\u00dfer Dacia Jogger mit roten und wei\u00dfen Streifen.\" srcset=\"https:\/\/www.mamo.ag\/wp-content\/uploads\/2023\/08\/Fuhrpark-Dacia-Jogger-Vorne-seitlich.png 807w, https:\/\/www.mamo.ag\/wp-content\/uploads\/2023\/08\/Fuhrpark-Dacia-Jogger-Vorne-seitlich-300x245.png 300w, https:\/\/www.mamo.ag\/wp-content\/uploads\/2023\/08\/Fuhrpark-Dacia-Jogger-Vorne-seitlich-768x628.png 768w\" sizes=\"(max-width: 807px) 100vw, 807px\" \/>\t\t\t\t<\/div>\r\n\t\t\t<\/div>\r\n\r\n\t\t\t\t\t\t\t<\/div>\n\t\t\t\t<\/div>\n\t\t\t\t\t<\/div>\n\t\t<\/div>\n\t\t\t\t<div class=\"elementor-column elementor-col-50 elementor-top-column elementor-element elementor-element-6a43ed0\" data-id=\"6a43ed0\" data-element_type=\"column\" data-e-type=\"column\" data-settings=\"{&quot;motion_fx_motion_fx_scrolling&quot;:&quot;yes&quot;,&quot;motion_fx_devices&quot;:[&quot;desktop&quot;,&quot;tablet&quot;,&quot;mobile&quot;]}\">\n\t\t\t<div class=\"elementor-widget-wrap elementor-element-populated\">\n\t\t\t\t\t\t<div class=\"elementor-element elementor-element-9710549 elementor-widget elementor-widget-emage_hover_effects\" data-id=\"9710549\" data-element_type=\"widget\" data-e-type=\"widget\" data-widget_type=\"emage_hover_effects.default\">\n\t\t\t\t<div class=\"elementor-widget-container\">\n\t\t\t\t\t\r\n\t\t\t<div class=\"imghvr-wrapper\">\r\n\t\t\t\t<div class=\"imghvr\">\r\n\t\t\t\t\t\t\t\t\t\t<div class=\"imghvr-overlay imghvr-anim-fade-in imghvr-anim-single\">\r\n\t\t\t\t\t\t<div><\/div>\r\n\t\t\t\t\t<\/div>\r\n\t\t\t\t\t\t\t\t\t\t<div class=\"imghvr-content-wrapper imghvr-content-left imghvr-anim-fade-in\">\r\n\t\t\t\t\t\t\t\t\t\t\t\t\r\n\t\t\t\t<div class=\"imghvr-title ih-delay-zero imghvr-anim-none\">Moto BMW Dakar<\/div>\r\n\r\n\t\t\t\t\r\n\t\t\t\t<div class=\"imghvr-content ih-delay-xs imghvr-anim-none\">Nous disposons de deux motos identiques avec un marquage d'avertissement tr\u00e8s visible, des feux de danger jaunes et des flashs \u00e0 l'avant. Le mat\u00e9riel sanitaire et le mat\u00e9riel simple de s\u00e9curisation des zones dangereuses sont transport\u00e9s dans la valise lat\u00e9rale.  \n\nLes motos sont parfaites pour l'accompagnement de transport sur des routes urbaines tr\u00e8s fr\u00e9quent\u00e9es, ou sur des routes de montagne longues et \u00e9troites. Lors d'\u00e9v\u00e9nements sportifs tels que les courses cyclistes et les courses \u00e0 pied, ils sont utilis\u00e9s comme v\u00e9hicules de pointe. De plus, nous les utilisons \u00e9galement lors de grands \u00e9v\u00e9nements pour patrouiller les zones de circulation encombr\u00e9es.<\/div>\r\n\r\n\t\t\t\t\t\t\t\t\t\t\t\t\t\t\t<\/div>\r\n\t\t\t\t\t<img loading=\"lazy\" decoding=\"async\" width=\"424\" height=\"256\" src=\"https:\/\/www.mamo.ag\/wp-content\/uploads\/2023\/08\/Motorrad-BMW-Dakar-2.png\" class=\"imghvr-anim-none imghvr-anim-zoom-in attachment-full size-full wp-image-3056\" alt=\"Ein leuchtgelbes Motorrad BMW Dakar 2 f\u00fcr die Transportbegleitung.\" srcset=\"https:\/\/www.mamo.ag\/wp-content\/uploads\/2023\/08\/Motorrad-BMW-Dakar-2.png 424w, https:\/\/www.mamo.ag\/wp-content\/uploads\/2023\/08\/Motorrad-BMW-Dakar-2-300x181.png 300w\" sizes=\"(max-width: 424px) 100vw, 424px\" \/>\t\t\t\t<\/div>\r\n\t\t\t<\/div>\r\n\r\n\t\t\t\t\t\t\t<\/div>\n\t\t\t\t<\/div>\n\t\t\t\t\t<\/div>\n\t\t<\/div>\n\t\t\t\t\t<\/div>\n\t\t<\/section>\n\t\t\t\t<section class=\"elementor-section elementor-top-section elementor-element elementor-element-979542d elementor-section-boxed elementor-section-height-default elementor-section-height-default\" data-id=\"979542d\" data-element_type=\"section\" data-e-type=\"section\">\n\t\t\t\t\t\t<div class=\"elementor-container elementor-column-gap-default\">\n\t\t\t\t\t<div class=\"elementor-column elementor-col-50 elementor-top-column elementor-element elementor-element-cfe53fd\" data-id=\"cfe53fd\" data-element_type=\"column\" data-e-type=\"column\" data-settings=\"{&quot;motion_fx_motion_fx_scrolling&quot;:&quot;yes&quot;,&quot;motion_fx_devices&quot;:[&quot;desktop&quot;,&quot;tablet&quot;,&quot;mobile&quot;]}\">\n\t\t\t<div class=\"elementor-widget-wrap elementor-element-populated\">\n\t\t\t\t\t\t<div class=\"elementor-element elementor-element-a388c9f elementor-widget elementor-widget-emage_hover_effects\" data-id=\"a388c9f\" data-element_type=\"widget\" data-e-type=\"widget\" data-widget_type=\"emage_hover_effects.default\">\n\t\t\t\t<div class=\"elementor-widget-container\">\n\t\t\t\t\t\r\n\t\t\t<div class=\"imghvr-wrapper\">\r\n\t\t\t\t<div class=\"imghvr\">\r\n\t\t\t\t\t\t\t\t\t\t<div class=\"imghvr-overlay imghvr-anim-fade-in imghvr-anim-single\">\r\n\t\t\t\t\t\t<div><\/div>\r\n\t\t\t\t\t<\/div>\r\n\t\t\t\t\t\t\t\t\t\t<div class=\"imghvr-content-wrapper imghvr-content-left imghvr-anim-fade-in\">\r\n\t\t\t\t\t\t\t\t\t\t\t\t\r\n\t\t\t\t<div class=\"imghvr-title ih-delay-zero imghvr-anim-none\">Diverses remorques<\/div>\r\n\r\n\t\t\t\t\r\n\t\t\t\t<div class=\"imghvr-content ih-delay-xs imghvr-anim-none\">Pour le travail dans le service de la circulation, nous poss\u00e9dons, outre une remorque de signalisation enti\u00e8rement \u00e9quip\u00e9e, diff\u00e9rentes remorques de transport de choses (ouvertes\/couvertes), des remorques de s\u00e9jour et de transport de mat\u00e9riel (valises), des remorques de moto et des remorques de transport de machines. Toujours pr\u00eats \u00e0 intervenir, nous sommes donc en mesure de remplir toutes les missions, m\u00eame \u00e0 court terme, sans d\u00e9pendance externe.<\/div>\r\n\r\n\t\t\t\t\t\t\t\t\t\t\t\t\t\t\t<\/div>\r\n\t\t\t\t\t<img loading=\"lazy\" decoding=\"async\" width=\"1280\" height=\"853\" src=\"https:\/\/www.mamo.ag\/wp-content\/uploads\/2023\/08\/Fuhrpark-Diverse-Anhaenger.jpg\" class=\"imghvr-anim-none imghvr-anim-zoom-in attachment-full size-full wp-image-3099\" alt=\"Ein mit Verkehrsdienst Material beladener Anh\u00e4nger.\" srcset=\"https:\/\/www.mamo.ag\/wp-content\/uploads\/2023\/08\/Fuhrpark-Diverse-Anhaenger.jpg 1280w, https:\/\/www.mamo.ag\/wp-content\/uploads\/2023\/08\/Fuhrpark-Diverse-Anhaenger-300x200.jpg 300w, https:\/\/www.mamo.ag\/wp-content\/uploads\/2023\/08\/Fuhrpark-Diverse-Anhaenger-1024x682.jpg 1024w, https:\/\/www.mamo.ag\/wp-content\/uploads\/2023\/08\/Fuhrpark-Diverse-Anhaenger-768x512.jpg 768w\" sizes=\"(max-width: 1280px) 100vw, 1280px\" \/>\t\t\t\t<\/div>\r\n\t\t\t<\/div>\r\n\r\n\t\t\t\t\t\t\t<\/div>\n\t\t\t\t<\/div>\n\t\t\t\t\t<\/div>\n\t\t<\/div>\n\t\t\t\t<div class=\"elementor-column elementor-col-50 elementor-top-column elementor-element elementor-element-b15a1db\" data-id=\"b15a1db\" data-element_type=\"column\" data-e-type=\"column\" data-settings=\"{&quot;motion_fx_motion_fx_scrolling&quot;:&quot;yes&quot;,&quot;motion_fx_devices&quot;:[&quot;desktop&quot;,&quot;tablet&quot;,&quot;mobile&quot;]}\">\n\t\t\t<div class=\"elementor-widget-wrap\">\n\t\t\t\t\t\t\t<\/div>\n\t\t<\/div>\n\t\t\t\t\t<\/div>\n\t\t<\/section>\n\t\t\t\t<section class=\"elementor-section elementor-inner-section elementor-element elementor-element-30827da elementor-section-height-min-height elementor-section-boxed elementor-section-height-default\" data-id=\"30827da\" data-element_type=\"section\" data-e-type=\"section\" data-settings=\"{&quot;background_background&quot;:&quot;classic&quot;}\">\n\t\t\t\t\t\t\t<div class=\"elementor-background-overlay\"><\/div>\n\t\t\t\t\t\t\t<div class=\"elementor-container elementor-column-gap-default\">\n\t\t\t\t\t<div class=\"elementor-column elementor-col-100 elementor-inner-column elementor-element elementor-element-27eadb95\" data-id=\"27eadb95\" data-element_type=\"column\" data-e-type=\"column\">\n\t\t\t<div class=\"elementor-widget-wrap elementor-element-populated\">\n\t\t\t\t\t\t<div class=\"elementor-element elementor-element-f7efab7 elementor-blockquote--skin-border elementor-widget elementor-widget-blockquote\" data-id=\"f7efab7\" data-element_type=\"widget\" data-e-type=\"widget\" data-settings=\"{&quot;motion_fx_motion_fx_scrolling&quot;:&quot;yes&quot;,&quot;motion_fx_translateX_effect&quot;:&quot;yes&quot;,&quot;motion_fx_translateX_affectedRange&quot;:{&quot;unit&quot;:&quot;%&quot;,&quot;size&quot;:&quot;&quot;,&quot;sizes&quot;:{&quot;start&quot;:0,&quot;end&quot;:50}},&quot;motion_fx_translateX_speed&quot;:{&quot;unit&quot;:&quot;px&quot;,&quot;size&quot;:4,&quot;sizes&quot;:[]},&quot;motion_fx_devices&quot;:[&quot;desktop&quot;,&quot;tablet&quot;,&quot;mobile&quot;]}\" data-widget_type=\"blockquote.default\">\n\t\t\t\t\t\t\t<blockquote class=\"elementor-blockquote\">\n\t\t\t<p class=\"elementor-blockquote__content\">\n\t\t\t\tMAMO Verkehrsdienst GmbH est la premi\u00e8re entreprise en Suisse \u00e0 utiliser un parc de v\u00e9hicules ATB aussi important.<\/br><\/br>  Nous misons \u00e9galement sur les avantages des motos \u00e9cologiques et agiles qui aident \u00e0 l'ATB.\t\t\t<\/p>\n\t\t\t\t\t<\/blockquote>\n\t\t\t\t\t\t<\/div>\n\t\t\t\t\t<\/div>\n\t\t<\/div>\n\t\t\t\t\t<\/div>\n\t\t<\/section>\n\t\t\t\t<section class=\"elementor-section elementor-top-section elementor-element elementor-element-924da21 elementor-section-boxed elementor-section-height-default elementor-section-height-default\" data-id=\"924da21\" data-element_type=\"section\" data-e-type=\"section\">\n\t\t\t\t\t\t<div class=\"elementor-container elementor-column-gap-default\">\n\t\t\t\t\t<div class=\"elementor-column elementor-col-50 elementor-top-column elementor-element elementor-element-7d0cf20\" data-id=\"7d0cf20\" data-element_type=\"column\" data-e-type=\"column\">\n\t\t\t<div class=\"elementor-widget-wrap elementor-element-populated\">\n\t\t\t\t\t\t<div class=\"elementor-element elementor-element-39e399a elementor-widget elementor-widget-heading\" data-id=\"39e399a\" data-element_type=\"widget\" data-e-type=\"widget\" data-widget_type=\"heading.default\">\n\t\t\t\t\t<h4 class=\"elementor-heading-title elementor-size-default\">Durable<\/h4>\t\t\t\t<\/div>\n\t\t\t\t<div class=\"elementor-element elementor-element-c0989f0 elementor-widget elementor-widget-heading\" data-id=\"c0989f0\" data-element_type=\"widget\" data-e-type=\"widget\" data-widget_type=\"heading.default\">\n\t\t\t\t\t<h2 class=\"elementor-heading-title elementor-size-default\">Notre tout dernier v\u00e9hicule, une premi\u00e8re mondiale !<\/br>\nLe premier v\u00e9hicule ATB 100% \u00e9lectrique, une Tesla Y<\/h2>\t\t\t\t<\/div>\n\t\t\t\t\t<\/div>\n\t\t<\/div>\n\t\t\t\t<div class=\"elementor-column elementor-col-50 elementor-top-column elementor-element elementor-element-72634b1\" data-id=\"72634b1\" data-element_type=\"column\" data-e-type=\"column\">\n\t\t\t<div class=\"elementor-widget-wrap elementor-element-populated\">\n\t\t\t\t\t\t<section class=\"elementor-section elementor-inner-section elementor-element elementor-element-b8019c1 elementor-section-boxed elementor-section-height-default elementor-section-height-default\" data-id=\"b8019c1\" data-element_type=\"section\" data-e-type=\"section\" data-settings=\"{&quot;motion_fx_motion_fx_scrolling&quot;:&quot;yes&quot;,&quot;motion_fx_translateY_effect&quot;:&quot;yes&quot;,&quot;motion_fx_translateY_speed&quot;:{&quot;unit&quot;:&quot;px&quot;,&quot;size&quot;:&quot;1&quot;,&quot;sizes&quot;:[]},&quot;motion_fx_translateY_affectedRange&quot;:{&quot;unit&quot;:&quot;%&quot;,&quot;size&quot;:&quot;&quot;,&quot;sizes&quot;:{&quot;start&quot;:&quot;0&quot;,&quot;end&quot;:&quot;50&quot;}},&quot;motion_fx_opacity_effect&quot;:&quot;yes&quot;,&quot;motion_fx_opacity_range&quot;:{&quot;unit&quot;:&quot;%&quot;,&quot;size&quot;:&quot;&quot;,&quot;sizes&quot;:{&quot;start&quot;:&quot;0&quot;,&quot;end&quot;:&quot;30&quot;}},&quot;motion_fx_devices&quot;:[&quot;desktop&quot;],&quot;motion_fx_opacity_direction&quot;:&quot;out-in&quot;,&quot;motion_fx_opacity_level&quot;:{&quot;unit&quot;:&quot;px&quot;,&quot;size&quot;:10,&quot;sizes&quot;:[]}}\">\n\t\t\t\t\t\t<div class=\"elementor-container elementor-column-gap-default\">\n\t\t\t\t\t<div class=\"elementor-column elementor-col-50 elementor-inner-column elementor-element elementor-element-bcec66e\" data-id=\"bcec66e\" data-element_type=\"column\" data-e-type=\"column\">\n\t\t\t<div class=\"elementor-widget-wrap elementor-element-populated\">\n\t\t\t\t\t\t<div class=\"elementor-element elementor-element-d28999a elementor-cta--skin-cover elementor-cta--valign-middle elementor-widget elementor-widget-call-to-action\" data-id=\"d28999a\" data-element_type=\"widget\" data-e-type=\"widget\" data-widget_type=\"call-to-action.default\">\n\t\t\t\t\t\t\t<div class=\"elementor-cta\">\n\t\t\t\t\t<div class=\"elementor-cta__bg-wrapper\">\n\t\t\t\t<div class=\"elementor-cta__bg elementor-bg\" style=\"background-image: url(https:\/\/www.mamo.ag\/wp-content\/uploads\/2023\/08\/Fuhrpark-Tesly-Y-1024x683.jpg);\" role=\"img\" aria-label=\"Kreuzungsdienste\"><\/div>\n\t\t\t\t<div class=\"elementor-cta__bg-overlay\"><\/div>\n\t\t\t<\/div>\n\t\t\t\t\t\t\t<div class=\"elementor-cta__content\">\n\t\t\t\t\n\t\t\t\t\n\t\t\t\t\n\t\t\t\t\t\t\t<\/div>\n\t\t\t\t\t\t<\/div>\n\t\t\t\t\t\t<\/div>\n\t\t\t\t\t<\/div>\n\t\t<\/div>\n\t\t\t\t<div class=\"elementor-column elementor-col-50 elementor-inner-column elementor-element elementor-element-3146beb\" data-id=\"3146beb\" data-element_type=\"column\" data-e-type=\"column\">\n\t\t\t<div class=\"elementor-widget-wrap elementor-element-populated\">\n\t\t\t\t\t\t<div class=\"elementor-element elementor-element-ce9b998 elementor-cta--skin-cover elementor-cta--valign-middle elementor-widget elementor-widget-call-to-action\" data-id=\"ce9b998\" data-element_type=\"widget\" data-e-type=\"widget\" data-widget_type=\"call-to-action.default\">\n\t\t\t\t\t\t\t<a class=\"elementor-cta\" href=\"#\">\n\t\t\t\t\t<div class=\"elementor-cta__bg-wrapper\">\n\t\t\t\t<div class=\"elementor-cta__bg elementor-bg\" style=\"background-image: url(https:\/\/www.mamo.ag\/wp-content\/uploads\/2023\/04\/Fuhrpark-2-1024x683.jpg);\" role=\"img\" aria-label=\"Ein weisser Tesla Y seitlich von hinten mit einem LED Warnsignal auf dem Dach.\"><\/div>\n\t\t\t\t<div class=\"elementor-cta__bg-overlay\"><\/div>\n\t\t\t<\/div>\n\t\t\t\t\t\t\t<div class=\"elementor-cta__content\">\n\t\t\t\t\n\t\t\t\t\n\t\t\t\t\n\t\t\t\t\t\t\t<\/div>\n\t\t\t\t\t\t<\/a>\n\t\t\t\t\t\t<\/div>\n\t\t\t\t\t<\/div>\n\t\t<\/div>\n\t\t\t\t\t<\/div>\n\t\t<\/section>\n\t\t\t\t<section class=\"elementor-section elementor-inner-section elementor-element elementor-element-a6cbc2b elementor-section-boxed elementor-section-height-default elementor-section-height-default\" data-id=\"a6cbc2b\" data-element_type=\"section\" data-e-type=\"section\" data-settings=\"{&quot;motion_fx_motion_fx_scrolling&quot;:&quot;yes&quot;,&quot;motion_fx_translateY_effect&quot;:&quot;yes&quot;,&quot;motion_fx_translateY_speed&quot;:{&quot;unit&quot;:&quot;px&quot;,&quot;size&quot;:&quot;2&quot;,&quot;sizes&quot;:[]},&quot;motion_fx_translateY_affectedRange&quot;:{&quot;unit&quot;:&quot;%&quot;,&quot;size&quot;:&quot;&quot;,&quot;sizes&quot;:{&quot;start&quot;:&quot;0&quot;,&quot;end&quot;:&quot;40&quot;}},&quot;motion_fx_opacity_effect&quot;:&quot;yes&quot;,&quot;motion_fx_opacity_range&quot;:{&quot;unit&quot;:&quot;%&quot;,&quot;size&quot;:&quot;&quot;,&quot;sizes&quot;:{&quot;start&quot;:&quot;0&quot;,&quot;end&quot;:&quot;40&quot;}},&quot;motion_fx_devices&quot;:[&quot;desktop&quot;],&quot;motion_fx_opacity_direction&quot;:&quot;out-in&quot;,&quot;motion_fx_opacity_level&quot;:{&quot;unit&quot;:&quot;px&quot;,&quot;size&quot;:10,&quot;sizes&quot;:[]}}\">\n\t\t\t\t\t\t<div class=\"elementor-container elementor-column-gap-default\">\n\t\t\t\t\t<div class=\"elementor-column elementor-col-50 elementor-inner-column elementor-element elementor-element-bef691a\" data-id=\"bef691a\" data-element_type=\"column\" data-e-type=\"column\">\n\t\t\t<div class=\"elementor-widget-wrap elementor-element-populated\">\n\t\t\t\t\t\t<div class=\"elementor-element elementor-element-3bace24 elementor-cta--skin-cover elementor-cta--valign-middle elementor-widget elementor-widget-call-to-action\" data-id=\"3bace24\" data-element_type=\"widget\" data-e-type=\"widget\" data-widget_type=\"call-to-action.default\">\n\t\t\t\t\t\t\t<a class=\"elementor-cta\" href=\"#\">\n\t\t\t\t\t<div class=\"elementor-cta__bg-wrapper\">\n\t\t\t\t<div class=\"elementor-cta__bg elementor-bg\" style=\"background-image: url(https:\/\/www.mamo.ag\/wp-content\/uploads\/2023\/04\/Fuhrpark-3-1024x683.jpg);\" role=\"img\" aria-label=\"Ein weisser Tesla Y seitlich von hinten im d\u00e4mmerlicht mit LED Warnsignalen auf dem Dach.\"><\/div>\n\t\t\t\t<div class=\"elementor-cta__bg-overlay\"><\/div>\n\t\t\t<\/div>\n\t\t\t\t\t\t\t<div class=\"elementor-cta__content\">\n\t\t\t\t\n\t\t\t\t\n\t\t\t\t\n\t\t\t\t\t\t\t<\/div>\n\t\t\t\t\t\t<\/a>\n\t\t\t\t\t\t<\/div>\n\t\t\t\t\t<\/div>\n\t\t<\/div>\n\t\t\t\t<div class=\"elementor-column elementor-col-50 elementor-inner-column elementor-element elementor-element-cc9e7c9\" data-id=\"cc9e7c9\" data-element_type=\"column\" data-e-type=\"column\">\n\t\t\t<div class=\"elementor-widget-wrap elementor-element-populated\">\n\t\t\t\t\t\t<div class=\"elementor-element elementor-element-070f05e elementor-cta--skin-cover elementor-cta--valign-middle elementor-widget elementor-widget-call-to-action\" data-id=\"070f05e\" data-element_type=\"widget\" data-e-type=\"widget\" data-widget_type=\"call-to-action.default\">\n\t\t\t\t\t\t\t<a class=\"elementor-cta\" href=\"#\">\n\t\t\t\t\t<div class=\"elementor-cta__bg-wrapper\">\n\t\t\t\t<div class=\"elementor-cta__bg elementor-bg\" style=\"background-image: url(https:\/\/www.mamo.ag\/wp-content\/uploads\/2023\/08\/Fuhrpark-Ford-Tourneo-1024x683.jpg);\" role=\"img\" aria-label=\"Veranstaltungsverkehrsdienst\"><\/div>\n\t\t\t\t<div class=\"elementor-cta__bg-overlay\"><\/div>\n\t\t\t<\/div>\n\t\t\t\t\t\t\t<div class=\"elementor-cta__content\">\n\t\t\t\t\n\t\t\t\t\n\t\t\t\t\n\t\t\t\t\t\t\t<\/div>\n\t\t\t\t\t\t<\/a>\n\t\t\t\t\t\t<\/div>\n\t\t\t\t\t<\/div>\n\t\t<\/div>\n\t\t\t\t\t<\/div>\n\t\t<\/section>\n\t\t\t\t\t<\/div>\n\t\t<\/div>\n\t\t\t\t\t<\/div>\n\t\t<\/section>\n\t\t\t\t<\/div>\n\t\t","protected":false},"excerpt":{"rendered":"<p>Parc de v\u00e9hicules Notre parc de v\u00e9hicules est diversifi\u00e9 et constamment modernis\u00e9. 6 v\u00e9hicules ATB 3 v\u00e9hicules d&rsquo;accompagnement 2 motos 1 v\u00e9hicule grue &amp; nacelle \u00e9l\u00e9vatrice 1 chariot de pont Actuellement, nous disposons de 6 v\u00e9hicules ATB enti\u00e8rement \u00e9quip\u00e9s, de 3 v\u00e9hicules d&rsquo;accompagnement et de 2 motos. Le parc de v\u00e9hicules comprend \u00e9galement un v\u00e9hicule [&hellip;]<\/p>\n","protected":false},"author":1,"featured_media":0,"parent":0,"menu_order":0,"comment_status":"closed","ping_status":"closed","template":"elementor_header_footer","meta":{"footnotes":""},"class_list":["post-2121","page","type-page","status-publish","hentry"],"_links":{"self":[{"href":"https:\/\/www.mamo.ag\/fr\/wp-json\/wp\/v2\/pages\/2121","targetHints":{"allow":["GET"]}}],"collection":[{"href":"https:\/\/www.mamo.ag\/fr\/wp-json\/wp\/v2\/pages"}],"about":[{"href":"https:\/\/www.mamo.ag\/fr\/wp-json\/wp\/v2\/types\/page"}],"author":[{"embeddable":true,"href":"https:\/\/www.mamo.ag\/fr\/wp-json\/wp\/v2\/users\/1"}],"replies":[{"embeddable":true,"href":"https:\/\/www.mamo.ag\/fr\/wp-json\/wp\/v2\/comments?post=2121"}],"version-history":[{"count":2,"href":"https:\/\/www.mamo.ag\/fr\/wp-json\/wp\/v2\/pages\/2121\/revisions"}],"predecessor-version":[{"id":4616,"href":"https:\/\/www.mamo.ag\/fr\/wp-json\/wp\/v2\/pages\/2121\/revisions\/4616"}],"wp:attachment":[{"href":"https:\/\/www.mamo.ag\/fr\/wp-json\/wp\/v2\/media?parent=2121"}],"curies":[{"name":"wp","href":"https:\/\/api.w.org\/{rel}","templated":true}]}}